{"id":6035,"date":"2014-09-14T09:20:42","date_gmt":"2014-09-14T09:20:42","guid":{"rendered":"https:\/\/villaggiocentrovacanzedeangelis.com\/sistemazioni\/"},"modified":"2023-12-19T15:55:50","modified_gmt":"2023-12-19T15:55:50","slug":"unterkuenfte","status":"publish","type":"page","link":"https:\/\/villaggiocentrovacanzedeangelis.com\/de\/unterkuenfte\/","title":{"rendered":"Unterk\u00fcnfte"},"content":{"rendered":"<div class=\"wpb-content-wrapper\">[vc_row][vc_column][vc_column_text]\n<h2>Unterk\u00fcnfte<\/h2>\n<p>Die eleganten Unterk\u00fcnfte des De Angelis Resort bieten eine gro\u00dfe Auswahl an exklusiven und \u00e4u\u00dferst komfortablen L\u00f6sungen f\u00fcr Ihren Urlaub in der Region Marken. Luxuri\u00f6se und weitl\u00e4ufige Terrassen, \u00fcppige mediterrane G\u00e4rten, herrliche Swimmingpools und Zugang zum Meer erwarten Sie. Sie k\u00f6nnen die Art der Unterkunft ausw\u00e4hlen, indem Sie die Merkmale ausw\u00e4hlen, die Ihrem Geschmack und der von Ihnen bevorzugten Art des Aufenthalts am besten entsprechen.<\/p>\n<p>Jede L\u00f6sung ist speziell darauf ausgelegt, Ihren Urlaub in unserem wundersch\u00f6nen Ferienort in den Marken unvergesslich zu machen.<\/p>\n<p>Zus\u00e4tzlich zu den Unterk\u00fcnften k\u00f6nnen Sie sich in unsere Villen entspannen und echte Paradiese der Privatsph\u00e4re, Ruhe und Sch\u00f6nheit genie\u00dfen. Unsere Villen wurden f\u00fcr unsere anspruchsvollsten G\u00e4ste entworfen und bieten zus\u00e4tzliche Dienstleistungen wie Priority Checkin, garantierte erste Reihe mit absoluter Verf\u00fcgbarkeit und absoluter Diskretion.<\/p>\n<p>Privatsph\u00e4re, Freiheit, Eleganz und exklusive Aufmerksamkeit machen diesen Aufenthalt bis ins kleinste Detail einzigartig. Was auch immer Ihre Wahl ist, seien Sie bereit, einen Traum zu leben.[\/vc_column_text][\/vc_column][\/vc_row][vc_row][vc_column width=&#8220;1\/2&#8243;][vc_single_image image=&#8220;3611&#8243; img_size=&#8220;800&#215;500&#8243; alignment=&#8220;center&#8220; onclick=&#8220;custom_link&#8220; title=&#8220;Villa Deluxe mit 3 Zimmern&#8220; link=&#8220;https:\/\/villaggiocentrovacanzedeangelis.com\/rooms\/villa-trilocale-deluxe\/&#8220;][vc_single_image image=&#8220;3635&#8243; img_size=&#8220;800&#215;500&#8243; alignment=&#8220;center&#8220; onclick=&#8220;custom_link&#8220; title=&#8220;Appartament mit Terrasse &#8211; 3 Zimmer&#8220; link=&#8220;https:\/\/villaggiocentrovacanzedeangelis.com\/rooms\/appartamento-trilocale-terrace\/&#8220;][vc_single_image image=&#8220;3727&#8243; img_size=&#8220;800&#215;500&#8243; alignment=&#8220;center&#8220; onclick=&#8220;custom_link&#8220; title=&#8220;Appartament mit Garten &#8211; 3 Zimmer&#8220; link=&#8220;https:\/\/villaggiocentrovacanzedeangelis.com\/rooms\/appartamento-trilocale-garden\/&#8220;][vc_single_image image=&#8220;3522&#8243; img_size=&#8220;800&#215;500&#8243; alignment=&#8220;center&#8220; onclick=&#8220;custom_link&#8220; title=&#8220;Holz Bungalow &#8211;  3 Zimmer&#8220; link=&#8220;https:\/\/villaggiocentrovacanzedeangelis.com\/rooms\/villino-trilocale-legno\/&#8220;][\/vc_column][vc_column width=&#8220;1\/2&#8243;][vc_single_image image=&#8220;3629&#8243; img_size=&#8220;800&#215;500&#8243; alignment=&#8220;center&#8220; onclick=&#8220;custom_link&#8220; title=&#8220;Villa Deluxe mit 2 Zimmern&#8220; link=&#8220;https:\/\/villaggiocentrovacanzedeangelis.com\/rooms\/villa-bilocale-deluxe\/&#8220;][vc_single_image image=&#8220;3800&#8243; img_size=&#8220;800&#215;500&#8243; alignment=&#8220;center&#8220; onclick=&#8220;custom_link&#8220; title=&#8220;Appartament mit Terrasse &#8211; 2 Zimmer&#8220; link=&#8220;https:\/\/villaggiocentrovacanzedeangelis.com\/rooms\/appartamento-bilocale-terrace\/&#8220;][vc_single_image image=&#8220;3482&#8243; img_size=&#8220;800&#215;500&#8243; alignment=&#8220;center&#8220; onclick=&#8220;custom_link&#8220; title=&#8220;Appartament mit Garten &#8211; 2 Zimmer&#8220; link=&#8220;https:\/\/villaggiocentrovacanzedeangelis.com\/rooms\/appartamento-bilocale-garden\/&#8220;][vc_single_image image=&#8220;3642&#8243; img_size=&#8220;800&#215;500&#8243; alignment=&#8220;center&#8220; onclick=&#8220;custom_link&#8220; title=&#8220;Studio&#8220; link=&#8220;https:\/\/villaggiocentrovacanzedeangelis.com\/rooms\/monolocale\/&#8220;][\/vc_column][\/vc_row][vc_row][vc_column][vc_images_carousel images=&#8220;3737,3739,3740,3741,3742,3747,3909,3908&#8243; onclick=&#8220;link_no&#8220;][\/vc_column][\/vc_row][vc_row][vc_column width=&#8220;1\/2&#8243;][vc_single_image image=&#8220;3470&#8243; img_size=&#8220;1920&#215;1080&#8243; alignment=&#8220;center&#8220;][\/vc_column][vc_column width=&#8220;1\/2&#8243;][vc_column_text]\n<h2 class=\"hotels-italic\">Unendliche Weite und feiner Kiesstrand<\/h2>\n<div class=\"row block-text\">\n<div class=\"col-md-8 col-sm-12\">\n<p>Unser Strand bei Numana ist ein Wunder der Natur, reine Poesie der Elemente. Ein K\u00fcstenabschnitt aus feinem Kies, der in einer der eindrucksvollsten Ecken der Riviera del Conero zwischen Portonovo und Porto Recanati liegt, nicht weit vom Monte Conero entfernt, gesch\u00fctzt vor der Welt.<\/p>\n<p>Der Strand des Centro Vacanze Resort ist seltenst starken Winden ausgesetzt und wird niemals von der Hitze erstickt. Er wird von einem milden und fast submediterranen Mikroklima gek\u00fcsst, welches das Wasser im Vergleich zum Rest der Region kristallklar h\u00e4lt.<\/p>\n<\/div>\n<\/div>\n[\/vc_column_text][\/vc_column][\/vc_row][vc_row][vc_column width=&#8220;1\/2&#8243;][vc_custom_heading text=&#8220;Erfahrungen&#8220; font_container=&#8220;tag:h2|text_align:left|color:%230dc4d8&#8243;][\/vc_column][vc_column width=&#8220;1\/2&#8243;][vc_posts_slider type=&#8220;flexslider_slide&#8220; count=&#8220;4&#8243; interval=&#8220;3&#8243; slides_content=&#8220;teaser&#8220; slides_title=&#8220;1&#8243; thumb_size=&#8220;full&#8220; orderby=&#8220;title&#8220; posttypes=&#8220;post&#8220; categories=&#8220;Esperienze&#8220;][\/vc_column][\/vc_row][vc_row full_width=&#8220;stretch_row&#8220; css=&#8220;.vc_custom_1603700397723{background-color: #e0e0e0 !important;}&#8220;][vc_column width=&#8220;1\/3&#8243;][vc_column_text]\n<div class=\"col-md-3 col-md-offset-1 col-sm-3 col-sm-offset-1\">\n<h5 class=\"first-el\" style=\"text-align: left;\"><strong>Organizza<\/strong><\/h5>\n<p class=\"second-el text-right\" style=\"text-align: left;\">la tua vacanza ideale<\/p>\n<p class=\"third-el text-right\" style=\"text-align: left;\">CON I NOSTRI HOLIDAY ADVISOR!<\/p>\n<\/div>\n[\/vc_column_text][\/vc_column][vc_column width=&#8220;1\/3&#8243;][vc_column_text]\n<div class=\"col-md-3 col-md-offset-1 col-sm-3 col-sm-offset-1\">\n<p class=\"third-el-mod\"><strong>CHIAMACI!<\/strong><\/p>\n<p class=\"fourth-el\">+39 0735 587070<\/p>\n<p class=\"fifth-el\">Tutti i giorni dalle 09:00 alle 18:00<\/p>\n<\/div>\n[\/vc_column_text][\/vc_column][vc_column width=&#8220;1\/3&#8243;][vc_btn title=&#8220;Contattaci&#8220; color=&#8220;orange&#8220;][vc_single_image image=&#8220;3942&#8243; alignment=&#8220;center&#8220;][\/vc_column][\/vc_row][vc_row][vc_column width=&#8220;1\/2&#8243;][vc_column_text]\n<h3>Buchen Sie jetzt und erhalten Sie unseren besten Preis<\/h3>\n<p class=\"resp-hide\">Planen Sie Ihren perfekten Urlaub mit unseren Urlaubsberatern Buchen Sie jetzt zum besten Preis Buchen Sie jetzt und erhalten Sie die beste Auswahl an Zimmern und Preisen.<\/p>\n[\/vc_column_text][vc_row_inner][vc_column_inner][vc_raw_html]JTNDcCUyMGNsYXNzJTNEJTIyaW5mby1jb250YWN0JTIyJTNFVGVsZWZvbm8lMjAlM0NhJTIwaHJlZiUzRCUyMnRlbCUzQSUyQjM5JTIwMDczNTU4NzA3MCUyMiUzRSUwQSUyQjM5JTIwMDczNTU4NzA3MCUyMCUzQyUyRmElM0UlM0MlMkZwJTNFJTBBJTNDcCUyMGNsYXNzJTNEJTIyaW5mby1jb250YWN0JTIyJTNFJTBBRW1haWwlMjAlM0NhJTIwaHJlZiUzRCUyMm1haWx0byUzQWluZm8lNDB2aWxsYWdnaW9jZW50cm92YWNhbnplZGVhbmdlbGlzLml0JTIyJTNFJTBBaW5mbyU0MHZpbGxhZ2dpb2NlbnRyb3ZhY2FuemVkZWFuZ2VsaXMuaXQlM0MlMkZhJTNFJTNDJTJGcCUzRQ==[\/vc_raw_html][\/vc_column_inner][\/vc_row_inner][\/vc_column][vc_column width=&#8220;1\/2&#8243;][\/vc_column][\/vc_row]\n<\/div>","protected":false},"excerpt":{"rendered":"<p>[vc_row][vc_column][vc_column_text] Unterk\u00fcnfte Die eleganten Unterk\u00fcnfte des De Angelis Resort bieten eine gro\u00dfe Auswahl an exklusiven und \u00e4u\u00dferst komfortablen L\u00f6sungen f\u00fcr [&hellip;]<\/p>\n","protected":false},"author":1,"featured_media":0,"parent":0,"menu_order":0,"comment_status":"closed","ping_status":"closed","template":"","meta":{"footnotes":""},"class_list":["post-6035","page","type-page","status-publish","hentry"],"yoast_head":"<!-- This site is optimized with the Yoast SEO Premium plugin v27.4 (Yoast SEO v27.4) - https:\/\/yoast.com\/product\/yoast-seo-premium-wordpress\/ -->\n<title>Unterk\u00fcnfte - Centro Vacanze De Angelis<\/title>\n<meta name=\"robots\" content=\"index, follow, max-snippet:-1, max-image-preview:large, max-video-preview:-1\" \/>\n<link rel=\"canonical\" href=\"https:\/\/villaggiocentrovacanzedeangelis.com\/sistemazioni\/\" \/>\n<meta property=\"og:locale\" content=\"de_DE\" \/>\n<meta property=\"og:type\" content=\"article\" \/>\n<meta property=\"og:title\" content=\"Unterk\u00fcnfte\" \/>\n<meta property=\"og:description\" content=\"[vc_row][vc_column][vc_column_text] Unterk\u00fcnfte Die eleganten Unterk\u00fcnfte des De Angelis Resort bieten eine gro\u00dfe Auswahl an exklusiven und \u00e4u\u00dferst komfortablen L\u00f6sungen f\u00fcr [&hellip;]\" \/>\n<meta property=\"og:url\" content=\"https:\/\/villaggiocentrovacanzedeangelis.com\/sistemazioni\/\" \/>\n<meta property=\"og:site_name\" content=\"Centro Vacanze De Angelis\" \/>\n<meta property=\"article:publisher\" content=\"https:\/\/www.facebook.com\/centrovacanzedeangelis.com\" \/>\n<meta property=\"article:modified_time\" content=\"2023-12-19T15:55:50+00:00\" \/>\n<meta name=\"twitter:card\" content=\"summary_large_image\" \/>\n<meta name=\"twitter:site\" content=\"@deangelisresort\" \/>\n<meta name=\"twitter:label1\" content=\"Gesch\u00e4tzte Lesezeit\" \/>\n\t<meta name=\"twitter:data1\" content=\"4\u00a0Minuten\" \/>\n<script type=\"application\/ld+json\" class=\"yoast-schema-graph\">{\"@context\":\"https:\\\/\\\/schema.org\",\"@graph\":[{\"@type\":\"WebPage\",\"@id\":\"https:\\\/\\\/villaggiocentrovacanzedeangelis.com\\\/sistemazioni\\\/\",\"url\":\"https:\\\/\\\/villaggiocentrovacanzedeangelis.com\\\/sistemazioni\\\/\",\"name\":\"Unterk\u00fcnfte - Centro Vacanze De Angelis\",\"isPartOf\":{\"@id\":\"https:\\\/\\\/villaggiocentrovacanzedeangelis.com\\\/#website\"},\"datePublished\":\"2014-09-14T09:20:42+00:00\",\"dateModified\":\"2023-12-19T15:55:50+00:00\",\"breadcrumb\":{\"@id\":\"https:\\\/\\\/villaggiocentrovacanzedeangelis.com\\\/sistemazioni\\\/#breadcrumb\"},\"inLanguage\":\"de\",\"potentialAction\":[{\"@type\":\"ReadAction\",\"target\":[\"https:\\\/\\\/villaggiocentrovacanzedeangelis.com\\\/sistemazioni\\\/\"]}]},{\"@type\":\"BreadcrumbList\",\"@id\":\"https:\\\/\\\/villaggiocentrovacanzedeangelis.com\\\/sistemazioni\\\/#breadcrumb\",\"itemListElement\":[{\"@type\":\"ListItem\",\"position\":1,\"name\":\"Home\",\"item\":\"https:\\\/\\\/villaggiocentrovacanzedeangelis.com\\\/de\\\/\"},{\"@type\":\"ListItem\",\"position\":2,\"name\":\"Unterk\u00fcnfte\"}]},{\"@type\":\"WebSite\",\"@id\":\"https:\\\/\\\/villaggiocentrovacanzedeangelis.com\\\/#website\",\"url\":\"https:\\\/\\\/villaggiocentrovacanzedeangelis.com\\\/\",\"name\":\"Centro Vacanze De Angelis\",\"description\":\"Riviera del Conero\",\"publisher\":{\"@id\":\"https:\\\/\\\/villaggiocentrovacanzedeangelis.com\\\/#organization\"},\"potentialAction\":[{\"@type\":\"SearchAction\",\"target\":{\"@type\":\"EntryPoint\",\"urlTemplate\":\"https:\\\/\\\/villaggiocentrovacanzedeangelis.com\\\/?s={search_term_string}\"},\"query-input\":{\"@type\":\"PropertyValueSpecification\",\"valueRequired\":true,\"valueName\":\"search_term_string\"}}],\"inLanguage\":\"de\"},{\"@type\":\"Organization\",\"@id\":\"https:\\\/\\\/villaggiocentrovacanzedeangelis.com\\\/#organization\",\"name\":\"Centro Vacanze De Angelis\",\"url\":\"https:\\\/\\\/villaggiocentrovacanzedeangelis.com\\\/\",\"logo\":{\"@type\":\"ImageObject\",\"inLanguage\":\"de\",\"@id\":\"https:\\\/\\\/villaggiocentrovacanzedeangelis.com\\\/#\\\/schema\\\/logo\\\/image\\\/\",\"url\":\"https:\\\/\\\/villaggiocentrovacanzedeangelis.com\\\/wp-content\\\/uploads\\\/2020\\\/10\\\/cropped-Logo-HDV-100-png-copy.png\",\"contentUrl\":\"https:\\\/\\\/villaggiocentrovacanzedeangelis.com\\\/wp-content\\\/uploads\\\/2020\\\/10\\\/cropped-Logo-HDV-100-png-copy.png\",\"width\":512,\"height\":512,\"caption\":\"Centro Vacanze De Angelis\"},\"image\":{\"@id\":\"https:\\\/\\\/villaggiocentrovacanzedeangelis.com\\\/#\\\/schema\\\/logo\\\/image\\\/\"},\"sameAs\":[\"https:\\\/\\\/www.facebook.com\\\/centrovacanzedeangelis.com\",\"https:\\\/\\\/x.com\\\/deangelisresort\",\"https:\\\/\\\/instagram.com\\\/deangelisresort\"]}]}<\/script>\n<!-- \/ Yoast SEO Premium plugin. -->","yoast_head_json":{"title":"Unterk\u00fcnfte - Centro Vacanze De Angelis","robots":{"index":"index","follow":"follow","max-snippet":"max-snippet:-1","max-image-preview":"max-image-preview:large","max-video-preview":"max-video-preview:-1"},"canonical":"https:\/\/villaggiocentrovacanzedeangelis.com\/sistemazioni\/","og_locale":"de_DE","og_type":"article","og_title":"Unterk\u00fcnfte","og_description":"[vc_row][vc_column][vc_column_text] Unterk\u00fcnfte Die eleganten Unterk\u00fcnfte des De Angelis Resort bieten eine gro\u00dfe Auswahl an exklusiven und \u00e4u\u00dferst komfortablen L\u00f6sungen f\u00fcr [&hellip;]","og_url":"https:\/\/villaggiocentrovacanzedeangelis.com\/sistemazioni\/","og_site_name":"Centro Vacanze De Angelis","article_publisher":"https:\/\/www.facebook.com\/centrovacanzedeangelis.com","article_modified_time":"2023-12-19T15:55:50+00:00","twitter_card":"summary_large_image","twitter_site":"@deangelisresort","twitter_misc":{"Gesch\u00e4tzte Lesezeit":"4\u00a0Minuten"},"schema":{"@context":"https:\/\/schema.org","@graph":[{"@type":"WebPage","@id":"https:\/\/villaggiocentrovacanzedeangelis.com\/sistemazioni\/","url":"https:\/\/villaggiocentrovacanzedeangelis.com\/sistemazioni\/","name":"Unterk\u00fcnfte - Centro Vacanze De Angelis","isPartOf":{"@id":"https:\/\/villaggiocentrovacanzedeangelis.com\/#website"},"datePublished":"2014-09-14T09:20:42+00:00","dateModified":"2023-12-19T15:55:50+00:00","breadcrumb":{"@id":"https:\/\/villaggiocentrovacanzedeangelis.com\/sistemazioni\/#breadcrumb"},"inLanguage":"de","potentialAction":[{"@type":"ReadAction","target":["https:\/\/villaggiocentrovacanzedeangelis.com\/sistemazioni\/"]}]},{"@type":"BreadcrumbList","@id":"https:\/\/villaggiocentrovacanzedeangelis.com\/sistemazioni\/#breadcrumb","itemListElement":[{"@type":"ListItem","position":1,"name":"Home","item":"https:\/\/villaggiocentrovacanzedeangelis.com\/de\/"},{"@type":"ListItem","position":2,"name":"Unterk\u00fcnfte"}]},{"@type":"WebSite","@id":"https:\/\/villaggiocentrovacanzedeangelis.com\/#website","url":"https:\/\/villaggiocentrovacanzedeangelis.com\/","name":"Centro Vacanze De Angelis","description":"Riviera del Conero","publisher":{"@id":"https:\/\/villaggiocentrovacanzedeangelis.com\/#organization"},"potentialAction":[{"@type":"SearchAction","target":{"@type":"EntryPoint","urlTemplate":"https:\/\/villaggiocentrovacanzedeangelis.com\/?s={search_term_string}"},"query-input":{"@type":"PropertyValueSpecification","valueRequired":true,"valueName":"search_term_string"}}],"inLanguage":"de"},{"@type":"Organization","@id":"https:\/\/villaggiocentrovacanzedeangelis.com\/#organization","name":"Centro Vacanze De Angelis","url":"https:\/\/villaggiocentrovacanzedeangelis.com\/","logo":{"@type":"ImageObject","inLanguage":"de","@id":"https:\/\/villaggiocentrovacanzedeangelis.com\/#\/schema\/logo\/image\/","url":"https:\/\/villaggiocentrovacanzedeangelis.com\/wp-content\/uploads\/2020\/10\/cropped-Logo-HDV-100-png-copy.png","contentUrl":"https:\/\/villaggiocentrovacanzedeangelis.com\/wp-content\/uploads\/2020\/10\/cropped-Logo-HDV-100-png-copy.png","width":512,"height":512,"caption":"Centro Vacanze De Angelis"},"image":{"@id":"https:\/\/villaggiocentrovacanzedeangelis.com\/#\/schema\/logo\/image\/"},"sameAs":["https:\/\/www.facebook.com\/centrovacanzedeangelis.com","https:\/\/x.com\/deangelisresort","https:\/\/instagram.com\/deangelisresort"]}]}},"_links":{"self":[{"href":"https:\/\/villaggiocentrovacanzedeangelis.com\/de\/wp-json\/wp\/v2\/pages\/6035","targetHints":{"allow":["GET"]}}],"collection":[{"href":"https:\/\/villaggiocentrovacanzedeangelis.com\/de\/wp-json\/wp\/v2\/pages"}],"about":[{"href":"https:\/\/villaggiocentrovacanzedeangelis.com\/de\/wp-json\/wp\/v2\/types\/page"}],"author":[{"embeddable":true,"href":"https:\/\/villaggiocentrovacanzedeangelis.com\/de\/wp-json\/wp\/v2\/users\/1"}],"replies":[{"embeddable":true,"href":"https:\/\/villaggiocentrovacanzedeangelis.com\/de\/wp-json\/wp\/v2\/comments?post=6035"}],"version-history":[{"count":6,"href":"https:\/\/villaggiocentrovacanzedeangelis.com\/de\/wp-json\/wp\/v2\/pages\/6035\/revisions"}],"predecessor-version":[{"id":9837,"href":"https:\/\/villaggiocentrovacanzedeangelis.com\/de\/wp-json\/wp\/v2\/pages\/6035\/revisions\/9837"}],"wp:attachment":[{"href":"https:\/\/villaggiocentrovacanzedeangelis.com\/de\/wp-json\/wp\/v2\/media?parent=6035"}],"curies":[{"name":"wp","href":"https:\/\/api.w.org\/{rel}","templated":true}]}}